{"id":67616,"date":"2025-04-15T16:12:28","date_gmt":"2025-04-15T14:12:28","guid":{"rendered":"https:\/\/blog.urbanitae.com\/gesetz-crea-y-crece\/"},"modified":"2025-08-13T09:16:41","modified_gmt":"2025-08-13T07:16:41","slug":"gesetz-crea-y-crece","status":"publish","type":"page","link":"https:\/\/blog.urbanitae.com\/de\/glossar\/gesetz-crea-y-crece\/","title":{"rendered":"Gesetz &#8222;Crea y Crece&#8220;"},"content":{"rendered":"\t\t<div data-elementor-type=\"wp-page\" data-elementor-id=\"67616\" class=\"elementor elementor-67616 elementor-56912\">\n\t\t\t\t\t\t<section class=\"elementor-section elementor-top-section elementor-element elementor-element-d86d887 elementor-section-boxed elementor-section-height-default elementor-section-height-default\" data-id=\"d86d887\" data-element_type=\"section\" data-e-type=\"section\">\n\t\t\t\t\t\t<div class=\"elementor-container elementor-column-gap-default\">\n\t\t\t\t\t<div class=\"elementor-column elementor-col-100 elementor-top-column elementor-element elementor-element-8b49ddd\" data-id=\"8b49ddd\" data-element_type=\"column\" data-e-type=\"column\">\n\t\t\t<div class=\"elementor-widget-wrap elementor-element-populated\">\n\t\t\t\t\t\t<div class=\"elementor-element elementor-element-083b30b elementor-widget__width-initial elementor-widget elementor-widget-text-editor\" data-id=\"083b30b\" data-element_type=\"widget\" data-e-type=\"widget\" data-widget_type=\"text-editor.default\">\n\t\t\t\t<div class=\"elementor-widget-container\">\n\t\t\t\t\t\t\t\t\t<h3>Was ist es?<\/h3>\n<p style=\"color: #212121; font-family: Roboto, sans-serif; font-size: 16px;\">Gesetz zur Schaffung und zum Wachstum (<span style=\"text-decoration: underline;\"><a href=\"https:\/\/www.boe.es\/eli\/es\/l\/2022\/09\/28\/18\/con\">Gesetz 18\/2022)<\/a><\/span><\/p>\n<p style=\"color: #212121; font-family: Roboto, sans-serif; font-size: 16px;\">Es handelt sich um eine Gesetzgebung in Spanien, die darauf abzielt, das Wachstum und die Entwicklung von Unternehmen und Unternehmern zu f\u00f6rdern. D<strong>as Gesetz \u201aCrea y Crece\u2018 <\/strong>umfasst eine Reihe von Ma\u00dfnahmen zur Erleichterung der Finanzierung, zur Reduzierung der regulatorischen Belastung und zur F\u00f6rderung von Innovationen im Unternehmensbereich, um das Umfeld f\u00fcr Start-ups sowie kleine und mittlere Unternehmen (KMU) zu verbessern.<\/p>\n<p style=\"color: #212121; font-family: Roboto, sans-serif; font-size: 16px;\">Dieses Gesetz zielt darauf ab, die Verwaltungsprozesse zu vereinfachen und die rechtlichen H\u00fcrden zu verringern, denen Start-ups gegen\u00fcberstehen, damit sich Unternehmer auf das Wachstum ihrer Unternehmen konzentrieren k\u00f6nnen. Dar\u00fcber hinaus f\u00f6rdert das <strong>Gesetz \u201aCrea y Crece\u2018 <\/strong>die Digitalisierung, Nachhaltigkeit und die Verbesserung der Wettbewerbsf\u00e4higkeit im Unternehmensbereich. <\/p>\t\t\t\t\t\t\t\t<\/div>\n\t\t\t\t<\/div>\n\t\t\t\t<div class=\"elementor-element elementor-element-11c28c4 elementor-widget__width-initial elementor-widget elementor-widget-text-editor\" data-id=\"11c28c4\" data-element_type=\"widget\" data-e-type=\"widget\" data-widget_type=\"text-editor.default\">\n\t\t\t\t<div class=\"elementor-widget-container\">\n\t\t\t\t\t\t\t\t\t<h3>Wichtige Aspekte, die zu ber\u00fccksichtigen sind<\/h3><p style=\"color: #212121; font-family: Roboto, sans-serif; font-size: 16px;\">Zu den wichtigsten Ma\u00dfnahmen des <strong>Gesetzes \u201aCrea y Crece\u2018<\/strong> geh\u00f6ren:<\/p><ul><li style=\"color: #212121; font-family: Roboto, sans-serif; font-size: 16px;\"><strong>Finanzierungserleichterungen: <\/strong>Das Gesetz schafft Mechanismen, um den Zugang zu Finanzierungsquellen f\u00fcr Unternehmer und KMU zu verbessern, einschlie\u00dflich steuerlicher Anreize und neuer Investitionsformen.<\/li><li style=\"color: #212121; font-family: Roboto, sans-serif; font-size: 16px;\"><strong>Reduzierung der regulatorischen Belastung: <\/strong>Es werden agilere und weniger b\u00fcrokratische Verwaltungsverfahren angestrebt, um die Gr\u00fcndung und den Betrieb von Unternehmen zu erleichtern.<\/li><li style=\"color: #212121; font-family: Roboto, sans-serif; font-size: 16px;\"><strong>F\u00f6rderung von Innovation:<\/strong> Das Gesetz f\u00f6rdert den Einsatz neuer Technologien und nachhaltiger Praktiken, um die Wettbewerbsf\u00e4higkeit der Unternehmen und ihre positive Wirkung auf den Markt zu steigern.<\/li><\/ul><p style=\"color: #212121; font-family: Roboto, sans-serif; font-size: 16px;\">Mit dieser Gesetzgebung will die spanische Regierung das Unternehmens\u00f6kosystem stimulieren und Unternehmen bei ihrem Expansionsprozess sowie bei der Anpassung an einen zunehmend globalisierten und digitalisierten Markt unterst\u00fctzen. Das Gesetz \u201eCrea y Crece\u201c ist ein zentrales Instrument f\u00fcr Unternehmer, die ein flexibleres und unternehmensfreundlicheres Umfeld suchen, um ihre Projekte voranzubringen. <\/p>\t\t\t\t\t\t\t\t<\/div>\n\t\t\t\t<\/div>\n\t\t\t\t\t<\/div>\n\t\t<\/div>\n\t\t\t\t\t<\/div>\n\t\t<\/section>\n\t\t\t\t<section class=\"elementor-section elementor-top-section elementor-element elementor-element-aa563c5 elementor-section-full_width elementor-section-height-default elementor-section-height-default\" data-id=\"aa563c5\" data-element_type=\"section\" data-e-type=\"section\">\n\t\t\t\t\t\t<div class=\"elementor-container elementor-column-gap-default\">\n\t\t\t\t\t<div class=\"elementor-column elementor-col-100 elementor-top-column elementor-element elementor-element-41114ac\" data-id=\"41114ac\" data-element_type=\"column\" data-e-type=\"column\">\n\t\t\t<div class=\"elementor-widget-wrap elementor-element-populated\">\n\t\t\t\t\t\t<div class=\"elementor-element elementor-element-43f7095 elementor-widget elementor-widget-html\" data-id=\"43f7095\" data-element_type=\"widget\" data-e-type=\"widget\" data-widget_type=\"html.default\">\n\t\t\t\t<div class=\"elementor-widget-container\">\n\t\t\t\t\t\r\n        <div class=\"qode-advanced-call-to-action qode-advanced-cta-gradient qode-advanced-cta-gradient-animation\" style=\"height:80px\">\r\n            <a class=\"advanced-cta-link\" href=\"https:\/\/mkt.urbanitae.com\/Urbanitae_suscripcion_newsletter.html?utm_source=blog&amp;utm_medium=link_blog&amp;utm_campaign=suscripcion_blog&amp;utm_content=boton\" target=\"_blank\" onclick=\"dataLayer.push({'event': 'ub_ga4_event', 'ub_ga4_event_name': 'newsletter', 'ub_ga4_event_element': 'aprende'})\"><\/a>\r\n            <div class=\"qode-advanced-cta-content\">\r\n                <span class=\"qode-advanced-cta-text-holder\" style=\"color:#FFFFFF;font-size:25px\">\r\n Abonnieren Sie unseren Newsletter <\/span>\r\n                <span class=\"qode-advanced-cta-icon-holder\" style=\"color:#FFFFFF;font-size:25px\">\r\n                    <span class=\"qode-advanced-cta-icon-holder-table\">\r\n                        <span class=\"qode-advanced-cta-icon-holder-cell\">\r\n                            <i class=\"qode_icon_font_awesome_5 fa5 fa fa-envelope-open-text qode-advanced-cta-icon\"><\/i> <\/span>\r\n                    <\/span>\r\n                <\/span>\r\n            <\/div>\r\n            <div class=\"qode-advanced-cta-background-holder\">\r\n                <span class=\"qode-advanced-cta-background-1 qode-type1-gradient-left-to-right\"><\/span>\r\n                <span class=\"qode-advanced-cta-background-2 qode-type1-gradient-left-to-right\"><\/span>\r\n                <span class=\"qode-advanced-cta-background-3\"><\/span>\r\n            <\/div>\r\n        <\/div>\r\n\t\t\t\t<\/div>\n\t\t\t\t<\/div>\n\t\t\t\t\t<\/div>\n\t\t<\/div>\n\t\t\t\t\t<\/div>\n\t\t<\/section>\n\t\t\t\t<\/div>\n\t\t","protected":false},"excerpt":{"rendered":"<p>Was ist es? Gesetz zur Schaffung und zum Wachstum (Gesetz 18\/2022) Es handelt sich um eine Gesetzgebung in Spanien, die darauf abzielt, das Wachstum und die Entwicklung von Unternehmen und Unternehmern zu f\u00f6rdern. Das Gesetz \u201aCrea y Crece\u2018 umfasst eine Reihe von Ma\u00dfnahmen zur Erleichterung der Finanzierung, zur Reduzierung der regulatorischen Belastung und zur F\u00f6rderung [&hellip;]<\/p>\n","protected":false},"author":20,"featured_media":0,"parent":67878,"menu_order":0,"comment_status":"closed","ping_status":"closed","template":"","meta":{"inline_featured_image":false,"footnotes":""},"class_list":["post-67616","page","type-page","status-publish","hentry"],"blocksy_meta":[],"yoast_head":"<!-- This site is optimized with the Yoast SEO plugin v27.4 - https:\/\/yoast.com\/product\/yoast-seo-wordpress\/ -->\n<title>Gesetz &quot;Crea y Crece&quot; - Urbanitae Blog<\/title>\n<meta name=\"description\" content=\"Es handelt sich um eine Gesetzgebung in Spanien, die darauf abzielt, das Wachstum und die Entwicklung von Unternehmen und Unternehmern zu f\u00f6rdern.\" \/>\n<meta name=\"robots\" content=\"index, follow, max-snippet:-1, max-image-preview:large, max-video-preview:-1\" \/>\n<link rel=\"canonical\" href=\"https:\/\/blog.urbanitae.com\/de\/glossar\/gesetz-crea-y-crece\/\" \/>\n<meta property=\"og:locale\" content=\"de_DE\" \/>\n<meta property=\"og:type\" content=\"article\" \/>\n<meta property=\"og:title\" content=\"Gesetz &quot;Crea y Crece&quot; - Urbanitae Blog\" \/>\n<meta property=\"og:description\" content=\"Es handelt sich um eine Gesetzgebung in Spanien, die darauf abzielt, das Wachstum und die Entwicklung von Unternehmen und Unternehmern zu f\u00f6rdern.\" \/>\n<meta property=\"og:url\" content=\"https:\/\/blog.urbanitae.com\/de\/glossar\/gesetz-crea-y-crece\/\" \/>\n<meta property=\"og:site_name\" content=\"Urbanitae Blog | Las mejores noticias sobre inversi\u00f3n inmobiliaria\" \/>\n<meta property=\"article:publisher\" content=\"https:\/\/www.facebook.com\/urbanitae\" \/>\n<meta property=\"article:modified_time\" content=\"2025-08-13T07:16:41+00:00\" \/>\n<meta name=\"twitter:card\" content=\"summary_large_image\" \/>\n<meta name=\"twitter:site\" content=\"@urbanitae\" \/>\n<meta name=\"twitter:label1\" content=\"Gesch\u00e4tzte Lesezeit\" \/>\n\t<meta name=\"twitter:data1\" content=\"1\u00a0Minute\" \/>\n<script type=\"application\/ld+json\" class=\"yoast-schema-graph\">{\"@context\":\"https:\\\/\\\/schema.org\",\"@graph\":[{\"@type\":\"WebPage\",\"@id\":\"https:\\\/\\\/blog.urbanitae.com\\\/de\\\/glossar\\\/gesetz-crea-y-crece\\\/\",\"url\":\"https:\\\/\\\/blog.urbanitae.com\\\/de\\\/glossar\\\/gesetz-crea-y-crece\\\/\",\"name\":\"Gesetz \\\"Crea y Crece\\\" - Urbanitae Blog\",\"isPartOf\":{\"@id\":\"https:\\\/\\\/blog.urbanitae.com\\\/de\\\/#website\"},\"datePublished\":\"2025-04-15T14:12:28+00:00\",\"dateModified\":\"2025-08-13T07:16:41+00:00\",\"description\":\"Es handelt sich um eine Gesetzgebung in Spanien, die darauf abzielt, das Wachstum und die Entwicklung von Unternehmen und Unternehmern zu f\u00f6rdern.\",\"breadcrumb\":{\"@id\":\"https:\\\/\\\/blog.urbanitae.com\\\/de\\\/glossar\\\/gesetz-crea-y-crece\\\/#breadcrumb\"},\"inLanguage\":\"de\",\"potentialAction\":[{\"@type\":\"ReadAction\",\"target\":[\"https:\\\/\\\/blog.urbanitae.com\\\/de\\\/glossar\\\/gesetz-crea-y-crece\\\/\"]}]},{\"@type\":\"BreadcrumbList\",\"@id\":\"https:\\\/\\\/blog.urbanitae.com\\\/de\\\/glossar\\\/gesetz-crea-y-crece\\\/#breadcrumb\",\"itemListElement\":[{\"@type\":\"ListItem\",\"position\":1,\"name\":\"Portada\",\"item\":\"https:\\\/\\\/blog.urbanitae.com\\\/de\\\/\"},{\"@type\":\"ListItem\",\"position\":2,\"name\":\"Glossar\",\"item\":\"https:\\\/\\\/blog.urbanitae.com\\\/de\\\/glossar\\\/\"},{\"@type\":\"ListItem\",\"position\":3,\"name\":\"Gesetz &#8220;Crea y Crece&#8221;\"}]},{\"@type\":\"WebSite\",\"@id\":\"https:\\\/\\\/blog.urbanitae.com\\\/de\\\/#website\",\"url\":\"https:\\\/\\\/blog.urbanitae.com\\\/de\\\/\",\"name\":\"Urbanitae Blog | Las mejores noticias sobre inversi\u00f3n inmobiliaria\",\"description\":\"Inversi\u00f3n inmobiliaria al alcance de todos\",\"publisher\":{\"@id\":\"https:\\\/\\\/blog.urbanitae.com\\\/de\\\/#organization\"},\"potentialAction\":[{\"@type\":\"SearchAction\",\"target\":{\"@type\":\"EntryPoint\",\"urlTemplate\":\"https:\\\/\\\/blog.urbanitae.com\\\/de\\\/?s={search_term_string}\"},\"query-input\":{\"@type\":\"PropertyValueSpecification\",\"valueRequired\":true,\"valueName\":\"search_term_string\"}}],\"inLanguage\":\"de\"},{\"@type\":\"Organization\",\"@id\":\"https:\\\/\\\/blog.urbanitae.com\\\/de\\\/#organization\",\"name\":\"Urbanitae\",\"url\":\"https:\\\/\\\/blog.urbanitae.com\\\/de\\\/\",\"logo\":{\"@type\":\"ImageObject\",\"inLanguage\":\"de\",\"@id\":\"https:\\\/\\\/blog.urbanitae.com\\\/de\\\/#\\\/schema\\\/logo\\\/image\\\/\",\"url\":\"https:\\\/\\\/blog.urbanitae.com\\\/wp-content\\\/uploads\\\/2020\\\/04\\\/logo-verde_350x100.svg\",\"contentUrl\":\"https:\\\/\\\/blog.urbanitae.com\\\/wp-content\\\/uploads\\\/2020\\\/04\\\/logo-verde_350x100.svg\",\"width\":350,\"height\":100,\"caption\":\"Urbanitae\"},\"image\":{\"@id\":\"https:\\\/\\\/blog.urbanitae.com\\\/de\\\/#\\\/schema\\\/logo\\\/image\\\/\"},\"sameAs\":[\"https:\\\/\\\/www.facebook.com\\\/urbanitae\",\"https:\\\/\\\/x.com\\\/urbanitae\",\"https:\\\/\\\/www.instagram.com\\\/urbanitae\",\"https:\\\/\\\/www.linkedin.com\\\/company\\\/urbanitae\",\"https:\\\/\\\/www.pinterest.es\\\/UrbanitaeSL\\\/_created\\\/\",\"https:\\\/\\\/www.youtube.com\\\/c\\\/Urbanitae_RE\"]}]}<\/script>\n<!-- \/ Yoast SEO plugin. -->","yoast_head_json":{"title":"Gesetz \"Crea y Crece\" - Urbanitae Blog","description":"Es handelt sich um eine Gesetzgebung in Spanien, die darauf abzielt, das Wachstum und die Entwicklung von Unternehmen und Unternehmern zu f\u00f6rdern.","robots":{"index":"index","follow":"follow","max-snippet":"max-snippet:-1","max-image-preview":"max-image-preview:large","max-video-preview":"max-video-preview:-1"},"canonical":"https:\/\/blog.urbanitae.com\/de\/glossar\/gesetz-crea-y-crece\/","og_locale":"de_DE","og_type":"article","og_title":"Gesetz \"Crea y Crece\" - Urbanitae Blog","og_description":"Es handelt sich um eine Gesetzgebung in Spanien, die darauf abzielt, das Wachstum und die Entwicklung von Unternehmen und Unternehmern zu f\u00f6rdern.","og_url":"https:\/\/blog.urbanitae.com\/de\/glossar\/gesetz-crea-y-crece\/","og_site_name":"Urbanitae Blog | Las mejores noticias sobre inversi\u00f3n inmobiliaria","article_publisher":"https:\/\/www.facebook.com\/urbanitae","article_modified_time":"2025-08-13T07:16:41+00:00","twitter_card":"summary_large_image","twitter_site":"@urbanitae","twitter_misc":{"Gesch\u00e4tzte Lesezeit":"1\u00a0Minute"},"schema":{"@context":"https:\/\/schema.org","@graph":[{"@type":"WebPage","@id":"https:\/\/blog.urbanitae.com\/de\/glossar\/gesetz-crea-y-crece\/","url":"https:\/\/blog.urbanitae.com\/de\/glossar\/gesetz-crea-y-crece\/","name":"Gesetz \"Crea y Crece\" - Urbanitae Blog","isPartOf":{"@id":"https:\/\/blog.urbanitae.com\/de\/#website"},"datePublished":"2025-04-15T14:12:28+00:00","dateModified":"2025-08-13T07:16:41+00:00","description":"Es handelt sich um eine Gesetzgebung in Spanien, die darauf abzielt, das Wachstum und die Entwicklung von Unternehmen und Unternehmern zu f\u00f6rdern.","breadcrumb":{"@id":"https:\/\/blog.urbanitae.com\/de\/glossar\/gesetz-crea-y-crece\/#breadcrumb"},"inLanguage":"de","potentialAction":[{"@type":"ReadAction","target":["https:\/\/blog.urbanitae.com\/de\/glossar\/gesetz-crea-y-crece\/"]}]},{"@type":"BreadcrumbList","@id":"https:\/\/blog.urbanitae.com\/de\/glossar\/gesetz-crea-y-crece\/#breadcrumb","itemListElement":[{"@type":"ListItem","position":1,"name":"Portada","item":"https:\/\/blog.urbanitae.com\/de\/"},{"@type":"ListItem","position":2,"name":"Glossar","item":"https:\/\/blog.urbanitae.com\/de\/glossar\/"},{"@type":"ListItem","position":3,"name":"Gesetz &#8220;Crea y Crece&#8221;"}]},{"@type":"WebSite","@id":"https:\/\/blog.urbanitae.com\/de\/#website","url":"https:\/\/blog.urbanitae.com\/de\/","name":"Urbanitae Blog | Las mejores noticias sobre inversi\u00f3n inmobiliaria","description":"Inversi\u00f3n inmobiliaria al alcance de todos","publisher":{"@id":"https:\/\/blog.urbanitae.com\/de\/#organization"},"potentialAction":[{"@type":"SearchAction","target":{"@type":"EntryPoint","urlTemplate":"https:\/\/blog.urbanitae.com\/de\/?s={search_term_string}"},"query-input":{"@type":"PropertyValueSpecification","valueRequired":true,"valueName":"search_term_string"}}],"inLanguage":"de"},{"@type":"Organization","@id":"https:\/\/blog.urbanitae.com\/de\/#organization","name":"Urbanitae","url":"https:\/\/blog.urbanitae.com\/de\/","logo":{"@type":"ImageObject","inLanguage":"de","@id":"https:\/\/blog.urbanitae.com\/de\/#\/schema\/logo\/image\/","url":"https:\/\/blog.urbanitae.com\/wp-content\/uploads\/2020\/04\/logo-verde_350x100.svg","contentUrl":"https:\/\/blog.urbanitae.com\/wp-content\/uploads\/2020\/04\/logo-verde_350x100.svg","width":350,"height":100,"caption":"Urbanitae"},"image":{"@id":"https:\/\/blog.urbanitae.com\/de\/#\/schema\/logo\/image\/"},"sameAs":["https:\/\/www.facebook.com\/urbanitae","https:\/\/x.com\/urbanitae","https:\/\/www.instagram.com\/urbanitae","https:\/\/www.linkedin.com\/company\/urbanitae","https:\/\/www.pinterest.es\/UrbanitaeSL\/_created\/","https:\/\/www.youtube.com\/c\/Urbanitae_RE"]}]}},"_links":{"self":[{"href":"https:\/\/blog.urbanitae.com\/de\/wp-json\/wp\/v2\/pages\/67616","targetHints":{"allow":["GET"]}}],"collection":[{"href":"https:\/\/blog.urbanitae.com\/de\/wp-json\/wp\/v2\/pages"}],"about":[{"href":"https:\/\/blog.urbanitae.com\/de\/wp-json\/wp\/v2\/types\/page"}],"author":[{"embeddable":true,"href":"https:\/\/blog.urbanitae.com\/de\/wp-json\/wp\/v2\/users\/20"}],"replies":[{"embeddable":true,"href":"https:\/\/blog.urbanitae.com\/de\/wp-json\/wp\/v2\/comments?post=67616"}],"version-history":[{"count":0,"href":"https:\/\/blog.urbanitae.com\/de\/wp-json\/wp\/v2\/pages\/67616\/revisions"}],"up":[{"embeddable":true,"href":"https:\/\/blog.urbanitae.com\/de\/wp-json\/wp\/v2\/pages\/67878"}],"wp:attachment":[{"href":"https:\/\/blog.urbanitae.com\/de\/wp-json\/wp\/v2\/media?parent=67616"}],"curies":[{"name":"wp","href":"https:\/\/api.w.org\/{rel}","templated":true}]}}